{"id":451554,"date":"2021-01-03T23:18:02","date_gmt":"2021-01-03T22:18:02","guid":{"rendered":"https:\/\/skruv.nu\/mistse-dijalnosti\/kopenhahen\/"},"modified":"2025-12-21T10:13:00","modified_gmt":"2025-12-21T09:13:00","slug":"kopenhahen","status":"publish","type":"page","link":"https:\/\/skruv.nu\/be\/mestsa-dzejnastsi\/kopenhahen\/","title":{"rendered":"\u041a\u0430\u043f\u0435\u043d\u0433\u0430\u0433\u0435\u043d"},"content":{"rendered":"\t\t<div data-elementor-type=\"wp-page\" data-elementor-id=\"451554\" class=\"elementor elementor-451554 elementor-372501\" data-elementor-post-type=\"page\">\n\t\t\t\t\t\t<section class=\"elementor-section elementor-top-section elementor-element elementor-element-7c3a547 elementor-section-boxed elementor-section-height-default elementor-section-height-default\" data-id=\"7c3a547\" data-element_type=\"section\" data-e-type=\"section\">\n\t\t\t\t\t\t<div class=\"elementor-container elementor-column-gap-default\">\n\t\t\t\t\t<div class=\"elementor-column elementor-col-100 elementor-top-column elementor-element elementor-element-a780475\" data-id=\"a780475\" data-element_type=\"column\" data-e-type=\"column\">\n\t\t\t<div class=\"elementor-widget-wrap elementor-element-populated\">\n\t\t\t\t\t\t<div class=\"elementor-element elementor-element-8be28d4 elementor-widget elementor-widget-text-editor\" data-id=\"8be28d4\" data-element_type=\"widget\" data-e-type=\"widget\" data-widget_type=\"text-editor.default\">\n\t\t\t\t<div class=\"elementor-widget-container\">\n\t\t\t\t\t\t\t\t\t<p>H\u00e4r \u00e4r v\u00e5ra aktiviteter i K\u00f6penhamn.<\/p>\t\t\t\t\t\t\t\t<\/div>\n\t\t\t\t<\/div>\n\t\t\t\t\t<\/div>\n\t\t<\/div>\n\t\t\t\t\t<\/div>\n\t\t<\/section>\n\t\t\t\t<section data-dce-background-color=\"#F4F4F4\" class=\"elementor-section elementor-top-section elementor-element elementor-element-8e3c488 elementor-section-stretched elementor-section-boxed elementor-section-height-default elementor-section-height-default\" data-id=\"8e3c488\" data-element_type=\"section\" data-e-type=\"section\" data-settings=\"{&quot;stretch_section&quot;:&quot;section-stretched&quot;,&quot;background_background&quot;:&quot;classic&quot;}\">\n\t\t\t\t\t\t<div class=\"elementor-container elementor-column-gap-default\">\n\t\t\t\t\t<div class=\"elementor-column elementor-col-100 elementor-top-column elementor-element elementor-element-5c5e617\" data-id=\"5c5e617\" data-element_type=\"column\" data-e-type=\"column\">\n\t\t\t<div class=\"elementor-widget-wrap elementor-element-populated\">\n\t\t\t\t\t\t<div class=\"elementor-element elementor-element-026381d elementor-widget-divider--view-line elementor-widget elementor-widget-global elementor-global-353 elementor-widget-divider\" data-id=\"026381d\" data-element_type=\"widget\" data-e-type=\"widget\" data-widget_type=\"divider.default\">\n\t\t\t\t<div class=\"elementor-widget-container\">\n\t\t\t\t\t\t\t<div class=\"elementor-divider\">\n\t\t\t<span class=\"elementor-divider-separator\">\n\t\t\t\t\t\t<\/span>\n\t\t<\/div>\n\t\t\t\t\t\t<\/div>\n\t\t\t\t<\/div>\n\t\t\t\t<div class=\"elementor-element elementor-element-c9bc343 elementor-widget elementor-widget-heading\" data-id=\"c9bc343\" data-element_type=\"widget\" data-e-type=\"widget\" data-widget_type=\"heading.default\">\n\t\t\t\t<div class=\"elementor-widget-container\">\n\t\t\t\t\t<h2 class=\"elementor-heading-title elementor-size-default\">Tidigare i K\u00f6penhamn<\/h2>\t\t\t\t<\/div>\n\t\t\t\t<\/div>\n\t\t\t\t<div class=\"elementor-element elementor-element-632f42b elementor-widget-divider--view-line elementor-widget elementor-widget-global elementor-global-353 elementor-widget-divider\" data-id=\"632f42b\" data-element_type=\"widget\" data-e-type=\"widget\" data-widget_type=\"divider.default\">\n\t\t\t\t<div class=\"elementor-widget-container\">\n\t\t\t\t\t\t\t<div class=\"elementor-divider\">\n\t\t\t<span class=\"elementor-divider-separator\">\n\t\t\t\t\t\t<\/span>\n\t\t<\/div>\n\t\t\t\t\t\t<\/div>\n\t\t\t\t<\/div>\n\t\t\t\t<div class=\"elementor-element elementor-element-5cc6e1b elementor-grid-3 elementor-grid-tablet-2 elementor-grid-mobile-1 elementor-posts--thumbnail-top elementor-widget elementor-widget-posts\" data-id=\"5cc6e1b\" data-element_type=\"widget\" data-e-type=\"widget\" data-settings=\"{&quot;pagination_type&quot;:&quot;numbers_and_prev_next&quot;,&quot;classic_columns&quot;:&quot;3&quot;,&quot;classic_columns_tablet&quot;:&quot;2&quot;,&quot;classic_columns_mobile&quot;:&quot;1&quot;,&quot;classic_row_gap&quot;:{&quot;unit&quot;:&quot;px&quot;,&quot;size&quot;:35,&quot;sizes&quot;:[]},&quot;classic_row_gap_tablet&quot;:{&quot;unit&quot;:&quot;px&quot;,&quot;size&quot;:&quot;&quot;,&quot;sizes&quot;:[]},&quot;classic_row_gap_mobile&quot;:{&quot;unit&quot;:&quot;px&quot;,&quot;size&quot;:&quot;&quot;,&quot;sizes&quot;:[]}}\" data-widget_type=\"posts.classic\">\n\t\t\t\t<div class=\"elementor-widget-container\">\n\t\t\t\t\t\t\t<div class=\"elementor-posts-container elementor-posts elementor-posts--skin-classic elementor-grid\" role=\"list\">\n\t\t\t\t<article class=\"elementor-post elementor-grid-item post-367338 post type-post status-publish format-standard has-post-thumbnail hentry category-aktiviteter category-barn-malmo tag-kopenhamn tag-tidigare\" role=\"listitem\">\n\t\t\t\t<a class=\"elementor-post__thumbnail__link\" href=\"https:\/\/skruv.nu\/be\/aktiviteter\/barn\/barn-malmo\/skruvs-barnverksamhet-deltar-i-festival-i-kopenhamn-2019\/\" tabindex=\"-1\" >\n\t\t\t<div class=\"elementor-post__thumbnail\"><img fetchpriority=\"high\" decoding=\"async\" width=\"1024\" height=\"449\" src=\"https:\/\/skruv.nu\/wp-content\/uploads\/2020\/09\/dsc_0506_1140x500-1024x449.jpg\" class=\"attachment-large size-large wp-image-367335\" alt=\"gruppfoto\" srcset=\"https:\/\/skruv.nu\/wp-content\/uploads\/2020\/09\/dsc_0506_1140x500-1024x449.jpg 1024w, https:\/\/skruv.nu\/wp-content\/uploads\/2020\/09\/dsc_0506_1140x500-300x132.jpg 300w, https:\/\/skruv.nu\/wp-content\/uploads\/2020\/09\/dsc_0506_1140x500-150x66.jpg 150w, https:\/\/skruv.nu\/wp-content\/uploads\/2020\/09\/dsc_0506_1140x500-768x337.jpg 768w, https:\/\/skruv.nu\/wp-content\/uploads\/2020\/09\/dsc_0506_1140x500.jpg 1140w\" sizes=\"(max-width: 1024px) 100vw, 1024px\" \/><\/div>\n\t\t<\/a>\n\t\t\t\t<div class=\"elementor-post__text\">\n\t\t\t\t<h3 class=\"elementor-post__title\">\n\t\t\t<a href=\"https:\/\/skruv.nu\/be\/aktiviteter\/barn\/barn-malmo\/skruvs-barnverksamhet-deltar-i-festival-i-kopenhamn-2019\/\" >\n\t\t\t\tSkruvs barnverksamhet deltar i festival i K\u00f6penhamn\t\t\t<\/a>\n\t\t<\/h3>\n\t\t\t\t<div class=\"elementor-post__meta-data\">\n\t\t\t\t\t<span class=\"elementor-post-date\">\n\t\t\t31 \u0436\u043d\u0456\u045e\u043d\u044f 2019\t\t<\/span>\n\t\t\t\t<\/div>\n\t\t\t\t<\/div>\n\t\t\t\t<\/article>\n\t\t\t\t<article class=\"elementor-post elementor-grid-item post-1559 post type-post status-publish format-standard has-post-thumbnail hentry category-aktiviteter category-barn-malmo tag-kopenhamn tag-tidigare\" role=\"listitem\">\n\t\t\t\t<a class=\"elementor-post__thumbnail__link\" href=\"https:\/\/skruv.nu\/be\/aktiviteter\/barn\/barn-malmo\/fregatten-sjtandart-gastar-kopenhamn-10-augusti-2019\/\" tabindex=\"-1\" >\n\t\t\t<div class=\"elementor-post__thumbnail\"><img decoding=\"async\" width=\"1024\" height=\"449\" src=\"https:\/\/skruv.nu\/wp-content\/uploads\/2020\/08\/68388438_2914043135278642_5549180570581336064_o_1140x500-1024x449.jpg\" class=\"attachment-large size-large wp-image-1541\" alt=\"vuxna och barn ombord p\u00e5 ett fartyg\" srcset=\"https:\/\/skruv.nu\/wp-content\/uploads\/2020\/08\/68388438_2914043135278642_5549180570581336064_o_1140x500-1024x449.jpg 1024w, https:\/\/skruv.nu\/wp-content\/uploads\/2020\/08\/68388438_2914043135278642_5549180570581336064_o_1140x500-300x132.jpg 300w, https:\/\/skruv.nu\/wp-content\/uploads\/2020\/08\/68388438_2914043135278642_5549180570581336064_o_1140x500-150x66.jpg 150w, https:\/\/skruv.nu\/wp-content\/uploads\/2020\/08\/68388438_2914043135278642_5549180570581336064_o_1140x500-768x337.jpg 768w, https:\/\/skruv.nu\/wp-content\/uploads\/2020\/08\/68388438_2914043135278642_5549180570581336064_o_1140x500.jpg 1140w\" sizes=\"(max-width: 1024px) 100vw, 1024px\" \/><\/div>\n\t\t<\/a>\n\t\t\t\t<div class=\"elementor-post__text\">\n\t\t\t\t<h3 class=\"elementor-post__title\">\n\t\t\t<a href=\"https:\/\/skruv.nu\/be\/aktiviteter\/barn\/barn-malmo\/fregatten-sjtandart-gastar-kopenhamn-10-augusti-2019\/\" >\n\t\t\t\tFregatten Sjtandart g\u00e4star K\u00f6penhamn: quest och studiebes\u00f6k\t\t\t<\/a>\n\t\t<\/h3>\n\t\t\t\t<div class=\"elementor-post__meta-data\">\n\t\t\t\t\t<span class=\"elementor-post-date\">\n\t\t\t10 \u0436\u043d\u0456\u045e\u043d\u044f 2019\t\t<\/span>\n\t\t\t\t<\/div>\n\t\t\t\t<\/div>\n\t\t\t\t<\/article>\n\t\t\t\t<article class=\"elementor-post elementor-grid-item post-368815 post type-post status-publish format-standard has-post-thumbnail hentry category-aktiviteter category-barn-malmo tag-kopenhamn tag-tidigare\" role=\"listitem\">\n\t\t\t\t<a class=\"elementor-post__thumbnail__link\" href=\"https:\/\/skruv.nu\/be\/aktiviteter\/barn\/barn-malmo\/skruvs-ryska-barnverksamhet-deltar-i-festival-i-kopenhamn\/\" tabindex=\"-1\" >\n\t\t\t<div class=\"elementor-post__thumbnail\"><img decoding=\"async\" width=\"1024\" height=\"449\" src=\"https:\/\/skruv.nu\/wp-content\/uploads\/2005\/04\/kopenhamn_2005082x13_foto-niklas-bonnemark_1140x500-1024x449.jpg\" class=\"attachment-large size-large wp-image-373784\" alt=\"stor byggnad i glas och betong med utskjutande tak\" srcset=\"https:\/\/skruv.nu\/wp-content\/uploads\/2005\/04\/kopenhamn_2005082x13_foto-niklas-bonnemark_1140x500-1024x449.jpg 1024w, https:\/\/skruv.nu\/wp-content\/uploads\/2005\/04\/kopenhamn_2005082x13_foto-niklas-bonnemark_1140x500-300x132.jpg 300w, https:\/\/skruv.nu\/wp-content\/uploads\/2005\/04\/kopenhamn_2005082x13_foto-niklas-bonnemark_1140x500-150x66.jpg 150w, https:\/\/skruv.nu\/wp-content\/uploads\/2005\/04\/kopenhamn_2005082x13_foto-niklas-bonnemark_1140x500-768x337.jpg 768w, https:\/\/skruv.nu\/wp-content\/uploads\/2005\/04\/kopenhamn_2005082x13_foto-niklas-bonnemark_1140x500.jpg 1140w\" sizes=\"(max-width: 1024px) 100vw, 1024px\" \/><\/div>\n\t\t<\/a>\n\t\t\t\t<div class=\"elementor-post__text\">\n\t\t\t\t<h3 class=\"elementor-post__title\">\n\t\t\t<a href=\"https:\/\/skruv.nu\/be\/aktiviteter\/barn\/barn-malmo\/skruvs-ryska-barnverksamhet-deltar-i-festival-i-kopenhamn\/\" >\n\t\t\t\tSkruvs ryska barnverksamhet deltar i festival i K\u00f6penhamn\t\t\t<\/a>\n\t\t<\/h3>\n\t\t\t\t<div class=\"elementor-post__meta-data\">\n\t\t\t\t\t<span class=\"elementor-post-date\">\n\t\t\t9 \u0447\u044d\u0440\u0432\u0435\u043d\u044f 2019\t\t<\/span>\n\t\t\t\t<\/div>\n\t\t\t\t<\/div>\n\t\t\t\t<\/article>\n\t\t\t\t<article class=\"elementor-post elementor-grid-item post-365992 post type-post status-publish format-standard has-post-thumbnail hentry category-film-foto category-picknickar tag-kopenhamn tag-tidigare\" role=\"listitem\">\n\t\t\t\t<a class=\"elementor-post__thumbnail__link\" href=\"https:\/\/skruv.nu\/be\/aktiviteter\/picknickar\/picknick-och-instameet-i-kopenhamn\/\" tabindex=\"-1\" >\n\t\t\t<div class=\"elementor-post__thumbnail\"><img loading=\"lazy\" decoding=\"async\" width=\"1024\" height=\"449\" src=\"https:\/\/skruv.nu\/wp-content\/uploads\/2020\/08\/20180721_img_20180721_163333_foto-nuria-bonnemark_1140x500-1024x449.jpg\" class=\"attachment-large size-large wp-image-365994\" alt=\"m\u00e4nniskor som spelar kubb\" srcset=\"https:\/\/skruv.nu\/wp-content\/uploads\/2020\/08\/20180721_img_20180721_163333_foto-nuria-bonnemark_1140x500-1024x449.jpg 1024w, https:\/\/skruv.nu\/wp-content\/uploads\/2020\/08\/20180721_img_20180721_163333_foto-nuria-bonnemark_1140x500-300x132.jpg 300w, https:\/\/skruv.nu\/wp-content\/uploads\/2020\/08\/20180721_img_20180721_163333_foto-nuria-bonnemark_1140x500-150x66.jpg 150w, https:\/\/skruv.nu\/wp-content\/uploads\/2020\/08\/20180721_img_20180721_163333_foto-nuria-bonnemark_1140x500-768x337.jpg 768w, https:\/\/skruv.nu\/wp-content\/uploads\/2020\/08\/20180721_img_20180721_163333_foto-nuria-bonnemark_1140x500.jpg 1140w\" sizes=\"(max-width: 1024px) 100vw, 1024px\" \/><\/div>\n\t\t<\/a>\n\t\t\t\t<div class=\"elementor-post__text\">\n\t\t\t\t<h3 class=\"elementor-post__title\">\n\t\t\t<a href=\"https:\/\/skruv.nu\/be\/aktiviteter\/picknickar\/picknick-och-instameet-i-kopenhamn\/\" >\n\t\t\t\tPicknick och instameet i K\u00f6penhamn\t\t\t<\/a>\n\t\t<\/h3>\n\t\t\t\t<div class=\"elementor-post__meta-data\">\n\t\t\t\t\t<span class=\"elementor-post-date\">\n\t\t\t21 \u043b\u0456\u043f\u0435\u043d\u044f 2018\t\t<\/span>\n\t\t\t\t<\/div>\n\t\t\t\t<\/div>\n\t\t\t\t<\/article>\n\t\t\t\t<article class=\"elementor-post elementor-grid-item post-358365 post type-post status-publish format-standard has-post-thumbnail hentry category-aktiviteter category-barn-malmo category-teater tag-kopenhamn tag-tidigare\" role=\"listitem\">\n\t\t\t\t<a class=\"elementor-post__thumbnail__link\" href=\"https:\/\/skruv.nu\/be\/aktiviteter\/barn\/barn-malmo\/barnteatergrupper-fran-skruv-kopenhamn-2017\/\" tabindex=\"-1\" >\n\t\t\t<div class=\"elementor-post__thumbnail\"><img loading=\"lazy\" decoding=\"async\" width=\"1024\" height=\"449\" src=\"https:\/\/skruv.nu\/wp-content\/uploads\/2017\/11\/dsc_0512_foto-niklas-bonnemark_1140x500-1024x449.jpg\" class=\"attachment-large size-large wp-image-366630\" alt=\"barn med ballonger som blir fotograferade\" srcset=\"https:\/\/skruv.nu\/wp-content\/uploads\/2017\/11\/dsc_0512_foto-niklas-bonnemark_1140x500-1024x449.jpg 1024w, https:\/\/skruv.nu\/wp-content\/uploads\/2017\/11\/dsc_0512_foto-niklas-bonnemark_1140x500-300x132.jpg 300w, https:\/\/skruv.nu\/wp-content\/uploads\/2017\/11\/dsc_0512_foto-niklas-bonnemark_1140x500-150x66.jpg 150w, https:\/\/skruv.nu\/wp-content\/uploads\/2017\/11\/dsc_0512_foto-niklas-bonnemark_1140x500-768x337.jpg 768w, https:\/\/skruv.nu\/wp-content\/uploads\/2017\/11\/dsc_0512_foto-niklas-bonnemark_1140x500.jpg 1140w\" sizes=\"(max-width: 1024px) 100vw, 1024px\" \/><\/div>\n\t\t<\/a>\n\t\t\t\t<div class=\"elementor-post__text\">\n\t\t\t\t<h3 class=\"elementor-post__title\">\n\t\t\t<a href=\"https:\/\/skruv.nu\/be\/aktiviteter\/barn\/barn-malmo\/barnteatergrupper-fran-skruv-kopenhamn-2017\/\" >\n\t\t\t\tBarnteatergrupper fr\u00e5n Skruv deltar i festival i K\u00f6penhamn\t\t\t<\/a>\n\t\t<\/h3>\n\t\t\t\t<div class=\"elementor-post__meta-data\">\n\t\t\t\t\t<span class=\"elementor-post-date\">\n\t\t\t18 \u043b\u0456\u0441\u0442\u0430\u043f\u0430\u0434\u0430 2017\t\t<\/span>\n\t\t\t\t<\/div>\n\t\t\t\t<\/div>\n\t\t\t\t<\/article>\n\t\t\t\t<article class=\"elementor-post elementor-grid-item post-357786 post type-post status-publish format-standard has-post-thumbnail hentry category-aktiviteter category-barn-malmo category-teater tag-kopenhamn tag-tidigare\" role=\"listitem\">\n\t\t\t\t<a class=\"elementor-post__thumbnail__link\" href=\"https:\/\/skruv.nu\/be\/aktiviteter\/barn\/barn-malmo\/skruv-deltar-internationell-festival-kopenhamn-11-juni-2017\/\" tabindex=\"-1\" >\n\t\t\t<div class=\"elementor-post__thumbnail\"><img loading=\"lazy\" decoding=\"async\" width=\"1024\" height=\"449\" src=\"https:\/\/skruv.nu\/wp-content\/uploads\/2017\/06\/dsc_0774_1140x500-1024x449.jpg\" class=\"attachment-large size-large wp-image-366666\" alt=\"barn som framtr\u00e4der p\u00e5 en scen\" srcset=\"https:\/\/skruv.nu\/wp-content\/uploads\/2017\/06\/dsc_0774_1140x500-1024x449.jpg 1024w, https:\/\/skruv.nu\/wp-content\/uploads\/2017\/06\/dsc_0774_1140x500-300x132.jpg 300w, https:\/\/skruv.nu\/wp-content\/uploads\/2017\/06\/dsc_0774_1140x500-150x66.jpg 150w, https:\/\/skruv.nu\/wp-content\/uploads\/2017\/06\/dsc_0774_1140x500-768x337.jpg 768w, https:\/\/skruv.nu\/wp-content\/uploads\/2017\/06\/dsc_0774_1140x500.jpg 1140w\" sizes=\"(max-width: 1024px) 100vw, 1024px\" \/><\/div>\n\t\t<\/a>\n\t\t\t\t<div class=\"elementor-post__text\">\n\t\t\t\t<h3 class=\"elementor-post__title\">\n\t\t\t<a href=\"https:\/\/skruv.nu\/be\/aktiviteter\/barn\/barn-malmo\/skruv-deltar-internationell-festival-kopenhamn-11-juni-2017\/\" >\n\t\t\t\tSkruv deltar i internationell festival i K\u00f6penhamn\t\t\t<\/a>\n\t\t<\/h3>\n\t\t\t\t<div class=\"elementor-post__meta-data\">\n\t\t\t\t\t<span class=\"elementor-post-date\">\n\t\t\t11 \u0447\u044d\u0440\u0432\u0435\u043d\u044f 2017\t\t<\/span>\n\t\t\t\t<\/div>\n\t\t\t\t<\/div>\n\t\t\t\t<\/article>\n\t\t\t\t<article class=\"elementor-post elementor-grid-item post-370303 post type-post status-publish format-standard has-post-thumbnail hentry category-barn category-teater tag-kopenhamn tag-tidigare\" role=\"listitem\">\n\t\t\t\t<a class=\"elementor-post__thumbnail__link\" href=\"https:\/\/skruv.nu\/be\/aktiviteter\/barn\/barnteatergruppen-festival-kopenhamn-2016\/\" tabindex=\"-1\" >\n\t\t\t<div class=\"elementor-post__thumbnail\"><img loading=\"lazy\" decoding=\"async\" width=\"1024\" height=\"449\" src=\"https:\/\/skruv.nu\/wp-content\/uploads\/2016\/10\/dsc_0748_foto-niklas-bonnemark_1140x500-1024x449.jpg\" class=\"attachment-large size-large wp-image-372938\" alt=\"musiker p\u00e5 en scen\" srcset=\"https:\/\/skruv.nu\/wp-content\/uploads\/2016\/10\/dsc_0748_foto-niklas-bonnemark_1140x500-1024x449.jpg 1024w, https:\/\/skruv.nu\/wp-content\/uploads\/2016\/10\/dsc_0748_foto-niklas-bonnemark_1140x500-300x132.jpg 300w, https:\/\/skruv.nu\/wp-content\/uploads\/2016\/10\/dsc_0748_foto-niklas-bonnemark_1140x500-150x66.jpg 150w, https:\/\/skruv.nu\/wp-content\/uploads\/2016\/10\/dsc_0748_foto-niklas-bonnemark_1140x500-768x337.jpg 768w, https:\/\/skruv.nu\/wp-content\/uploads\/2016\/10\/dsc_0748_foto-niklas-bonnemark_1140x500.jpg 1140w\" sizes=\"(max-width: 1024px) 100vw, 1024px\" \/><\/div>\n\t\t<\/a>\n\t\t\t\t<div class=\"elementor-post__text\">\n\t\t\t\t<h3 class=\"elementor-post__title\">\n\t\t\t<a href=\"https:\/\/skruv.nu\/be\/aktiviteter\/barn\/barnteatergruppen-festival-kopenhamn-2016\/\" >\n\t\t\t\tBarnteatergruppen deltar i festival i K\u00f6penhamn\t\t\t<\/a>\n\t\t<\/h3>\n\t\t\t\t<div class=\"elementor-post__meta-data\">\n\t\t\t\t\t<span class=\"elementor-post-date\">\n\t\t\t30 \u043a\u0430\u0441\u0442\u0440\u044b\u0447\u043d\u0456\u043a\u0430 2016\t\t<\/span>\n\t\t\t\t<\/div>\n\t\t\t\t<\/div>\n\t\t\t\t<\/article>\n\t\t\t\t<article class=\"elementor-post elementor-grid-item post-356837 post type-post status-publish format-standard has-post-thumbnail hentry category-aktiviteter category-barn category-teater tag-kopenhamn tag-tidigare\" role=\"listitem\">\n\t\t\t\t<a class=\"elementor-post__thumbnail__link\" href=\"https:\/\/skruv.nu\/be\/aktiviteter\/skruv-deltar-i-internationell-festival-i-kopenhamn-11-juni-2016\/\" tabindex=\"-1\" >\n\t\t\t<div class=\"elementor-post__thumbnail\"><img loading=\"lazy\" decoding=\"async\" width=\"1024\" height=\"449\" src=\"https:\/\/skruv.nu\/wp-content\/uploads\/2016\/06\/dsc_0263_foto-nuria-bonnemark_1140x500-1024x449.jpg\" class=\"attachment-large size-large wp-image-368052\" alt=\"kvinna som sjunger framf\u00f6r en f\u00e4rgglad bakgrund\" srcset=\"https:\/\/skruv.nu\/wp-content\/uploads\/2016\/06\/dsc_0263_foto-nuria-bonnemark_1140x500-1024x449.jpg 1024w, https:\/\/skruv.nu\/wp-content\/uploads\/2016\/06\/dsc_0263_foto-nuria-bonnemark_1140x500-300x132.jpg 300w, https:\/\/skruv.nu\/wp-content\/uploads\/2016\/06\/dsc_0263_foto-nuria-bonnemark_1140x500-150x66.jpg 150w, https:\/\/skruv.nu\/wp-content\/uploads\/2016\/06\/dsc_0263_foto-nuria-bonnemark_1140x500-768x337.jpg 768w, https:\/\/skruv.nu\/wp-content\/uploads\/2016\/06\/dsc_0263_foto-nuria-bonnemark_1140x500.jpg 1140w\" sizes=\"(max-width: 1024px) 100vw, 1024px\" \/><\/div>\n\t\t<\/a>\n\t\t\t\t<div class=\"elementor-post__text\">\n\t\t\t\t<h3 class=\"elementor-post__title\">\n\t\t\t<a href=\"https:\/\/skruv.nu\/be\/aktiviteter\/skruv-deltar-i-internationell-festival-i-kopenhamn-11-juni-2016\/\" >\n\t\t\t\tSkruv deltar i internationell festival i K\u00f6penhamn\t\t\t<\/a>\n\t\t<\/h3>\n\t\t\t\t<div class=\"elementor-post__meta-data\">\n\t\t\t\t\t<span class=\"elementor-post-date\">\n\t\t\t11 \u0447\u044d\u0440\u0432\u0435\u043d\u044f 2016\t\t<\/span>\n\t\t\t\t<\/div>\n\t\t\t\t<\/div>\n\t\t\t\t<\/article>\n\t\t\t\t<article class=\"elementor-post elementor-grid-item post-373269 post type-post status-publish format-standard has-post-thumbnail hentry category-aktiviteter category-barn-malmo category-teater tag-kopenhamn tag-tidigare\" role=\"listitem\">\n\t\t\t\t<a class=\"elementor-post__thumbnail__link\" href=\"https:\/\/skruv.nu\/be\/aktiviteter\/barn\/barn-malmo\/barnteatergruppen-deltar-i-festivalen-chansen-i-kopenhamn\/\" tabindex=\"-1\" >\n\t\t\t<div class=\"elementor-post__thumbnail\"><img loading=\"lazy\" decoding=\"async\" width=\"1024\" height=\"449\" src=\"https:\/\/skruv.nu\/wp-content\/uploads\/2021\/01\/20150830_130437_foto-liliya-nicolaidis_1140x500-1024x449.jpg\" class=\"attachment-large size-large wp-image-373271\" alt=\"barn med uppstr\u00e4ckta armar p\u00e5 en scen\" srcset=\"https:\/\/skruv.nu\/wp-content\/uploads\/2021\/01\/20150830_130437_foto-liliya-nicolaidis_1140x500-1024x449.jpg 1024w, https:\/\/skruv.nu\/wp-content\/uploads\/2021\/01\/20150830_130437_foto-liliya-nicolaidis_1140x500-300x132.jpg 300w, https:\/\/skruv.nu\/wp-content\/uploads\/2021\/01\/20150830_130437_foto-liliya-nicolaidis_1140x500-150x66.jpg 150w, https:\/\/skruv.nu\/wp-content\/uploads\/2021\/01\/20150830_130437_foto-liliya-nicolaidis_1140x500-768x337.jpg 768w, https:\/\/skruv.nu\/wp-content\/uploads\/2021\/01\/20150830_130437_foto-liliya-nicolaidis_1140x500.jpg 1140w\" sizes=\"(max-width: 1024px) 100vw, 1024px\" \/><\/div>\n\t\t<\/a>\n\t\t\t\t<div class=\"elementor-post__text\">\n\t\t\t\t<h3 class=\"elementor-post__title\">\n\t\t\t<a href=\"https:\/\/skruv.nu\/be\/aktiviteter\/barn\/barn-malmo\/barnteatergruppen-deltar-i-festivalen-chansen-i-kopenhamn\/\" >\n\t\t\t\tBarnteatergruppen deltar i festivalen Chansen i K\u00f6penhamn\t\t\t<\/a>\n\t\t<\/h3>\n\t\t\t\t<div class=\"elementor-post__meta-data\">\n\t\t\t\t\t<span class=\"elementor-post-date\">\n\t\t\t29 \u0436\u043d\u0456\u045e\u043d\u044f 2015\t\t<\/span>\n\t\t\t\t<\/div>\n\t\t\t\t<\/div>\n\t\t\t\t<\/article>\n\t\t\t\t<article class=\"elementor-post elementor-grid-item post-137262 post type-post status-publish format-standard has-post-thumbnail hentry category-aktiviteter category-barn-malmo category-teater tag-kopenhamn tag-tidigare\" role=\"listitem\">\n\t\t\t\t<a class=\"elementor-post__thumbnail__link\" href=\"https:\/\/skruv.nu\/be\/aktiviteter\/barn\/barn-malmo\/barnteatergruppen-upptrader-i-kopenhamn-13-juni-2015\/\" tabindex=\"-1\" >\n\t\t\t<div class=\"elementor-post__thumbnail\"><img loading=\"lazy\" decoding=\"async\" width=\"1024\" height=\"449\" src=\"https:\/\/skruv.nu\/wp-content\/uploads\/2015\/05\/dsc_0105_foto-niklas-bonnemark_1140x500-1024x449.jpg\" class=\"attachment-large size-large wp-image-368433\" alt=\"artister\" srcset=\"https:\/\/skruv.nu\/wp-content\/uploads\/2015\/05\/dsc_0105_foto-niklas-bonnemark_1140x500-1024x449.jpg 1024w, https:\/\/skruv.nu\/wp-content\/uploads\/2015\/05\/dsc_0105_foto-niklas-bonnemark_1140x500-300x132.jpg 300w, https:\/\/skruv.nu\/wp-content\/uploads\/2015\/05\/dsc_0105_foto-niklas-bonnemark_1140x500-150x66.jpg 150w, https:\/\/skruv.nu\/wp-content\/uploads\/2015\/05\/dsc_0105_foto-niklas-bonnemark_1140x500-768x337.jpg 768w, https:\/\/skruv.nu\/wp-content\/uploads\/2015\/05\/dsc_0105_foto-niklas-bonnemark_1140x500.jpg 1140w\" sizes=\"(max-width: 1024px) 100vw, 1024px\" \/><\/div>\n\t\t<\/a>\n\t\t\t\t<div class=\"elementor-post__text\">\n\t\t\t\t<h3 class=\"elementor-post__title\">\n\t\t\t<a href=\"https:\/\/skruv.nu\/be\/aktiviteter\/barn\/barn-malmo\/barnteatergruppen-upptrader-i-kopenhamn-13-juni-2015\/\" >\n\t\t\t\tBarnteatergruppen upptr\u00e4der p\u00e5 festivalen Ovan regnb\u00e5gen i K\u00f6penhamn\t\t\t<\/a>\n\t\t<\/h3>\n\t\t\t\t<div class=\"elementor-post__meta-data\">\n\t\t\t\t\t<span class=\"elementor-post-date\">\n\t\t\t13 \u0447\u044d\u0440\u0432\u0435\u043d\u044f 2015\t\t<\/span>\n\t\t\t\t<\/div>\n\t\t\t\t<\/div>\n\t\t\t\t<\/article>\n\t\t\t\t<article class=\"elementor-post elementor-grid-item post-384729 post type-post status-publish format-standard has-post-thumbnail hentry category-aktiviteter category-kat-litteratur tag-kopenhamn tag-tidigare\" role=\"listitem\">\n\t\t\t\t<a class=\"elementor-post__thumbnail__link\" href=\"https:\/\/skruv.nu\/be\/aktiviteter\/litteraturklubben-besoker-kopenhamn\/\" tabindex=\"-1\" >\n\t\t\t<div class=\"elementor-post__thumbnail\"><img loading=\"lazy\" decoding=\"async\" width=\"1024\" height=\"449\" src=\"https:\/\/skruv.nu\/wp-content\/uploads\/2016\/01\/litteratur_tengyart-b8uzahtgi-e-unsplash_1140x500-1024x449.jpg\" class=\"attachment-large size-large wp-image-373718\" alt=\"h\u00f6st p\u00e5 marken med b\u00f6cker och ljusslinga\" srcset=\"https:\/\/skruv.nu\/wp-content\/uploads\/2016\/01\/litteratur_tengyart-b8uzahtgi-e-unsplash_1140x500-1024x449.jpg 1024w, https:\/\/skruv.nu\/wp-content\/uploads\/2016\/01\/litteratur_tengyart-b8uzahtgi-e-unsplash_1140x500-300x132.jpg 300w, https:\/\/skruv.nu\/wp-content\/uploads\/2016\/01\/litteratur_tengyart-b8uzahtgi-e-unsplash_1140x500-150x66.jpg 150w, https:\/\/skruv.nu\/wp-content\/uploads\/2016\/01\/litteratur_tengyart-b8uzahtgi-e-unsplash_1140x500-768x337.jpg 768w, https:\/\/skruv.nu\/wp-content\/uploads\/2016\/01\/litteratur_tengyart-b8uzahtgi-e-unsplash_1140x500.jpg 1140w\" sizes=\"(max-width: 1024px) 100vw, 1024px\" \/><\/div>\n\t\t<\/a>\n\t\t\t\t<div class=\"elementor-post__text\">\n\t\t\t\t<h3 class=\"elementor-post__title\">\n\t\t\t<a href=\"https:\/\/skruv.nu\/be\/aktiviteter\/litteraturklubben-besoker-kopenhamn\/\" >\n\t\t\t\tLitteraturklubben bes\u00f6ker K\u00f6penhamn\t\t\t<\/a>\n\t\t<\/h3>\n\t\t\t\t<div class=\"elementor-post__meta-data\">\n\t\t\t\t\t<span class=\"elementor-post-date\">\n\t\t\t27 \u043b\u044e\u0442\u0430\u0433\u0430 2015\t\t<\/span>\n\t\t\t\t<\/div>\n\t\t\t\t<\/div>\n\t\t\t\t<\/article>\n\t\t\t\t<article class=\"elementor-post elementor-grid-item post-373264 post type-post status-publish format-standard has-post-thumbnail hentry category-aktiviteter category-kat-litteratur tag-kopenhamn tag-tidigare\" role=\"listitem\">\n\t\t\t\t<a class=\"elementor-post__thumbnail__link\" href=\"https:\/\/skruv.nu\/be\/aktiviteter\/litteraturklubben-deltar-i-musik-och-litteraturafton\/\" tabindex=\"-1\" >\n\t\t\t<div class=\"elementor-post__thumbnail\"><img loading=\"lazy\" decoding=\"async\" width=\"1024\" height=\"449\" src=\"https:\/\/skruv.nu\/wp-content\/uploads\/2016\/01\/litteratur_tengyart-b8uzahtgi-e-unsplash_1140x500-1024x449.jpg\" class=\"attachment-large size-large wp-image-373718\" alt=\"h\u00f6st p\u00e5 marken med b\u00f6cker och ljusslinga\" srcset=\"https:\/\/skruv.nu\/wp-content\/uploads\/2016\/01\/litteratur_tengyart-b8uzahtgi-e-unsplash_1140x500-1024x449.jpg 1024w, https:\/\/skruv.nu\/wp-content\/uploads\/2016\/01\/litteratur_tengyart-b8uzahtgi-e-unsplash_1140x500-300x132.jpg 300w, https:\/\/skruv.nu\/wp-content\/uploads\/2016\/01\/litteratur_tengyart-b8uzahtgi-e-unsplash_1140x500-150x66.jpg 150w, https:\/\/skruv.nu\/wp-content\/uploads\/2016\/01\/litteratur_tengyart-b8uzahtgi-e-unsplash_1140x500-768x337.jpg 768w, https:\/\/skruv.nu\/wp-content\/uploads\/2016\/01\/litteratur_tengyart-b8uzahtgi-e-unsplash_1140x500.jpg 1140w\" sizes=\"(max-width: 1024px) 100vw, 1024px\" \/><\/div>\n\t\t<\/a>\n\t\t\t\t<div class=\"elementor-post__text\">\n\t\t\t\t<h3 class=\"elementor-post__title\">\n\t\t\t<a href=\"https:\/\/skruv.nu\/be\/aktiviteter\/litteraturklubben-deltar-i-musik-och-litteraturafton\/\" >\n\t\t\t\tLitteraturklubben deltar i musik- och litteraturafton i K\u00f6penhamn\t\t\t<\/a>\n\t\t<\/h3>\n\t\t\t\t<div class=\"elementor-post__meta-data\">\n\t\t\t\t\t<span class=\"elementor-post-date\">\n\t\t\t27 \u0441\u0442\u0443\u0434\u0437\u0435\u043d\u044f 2015\t\t<\/span>\n\t\t\t\t<\/div>\n\t\t\t\t<\/div>\n\t\t\t\t<\/article>\n\t\t\t\t<article class=\"elementor-post elementor-grid-item post-374786 post type-post status-publish format-standard has-post-thumbnail hentry category-aktiviteter category-foreningsdemokrati tag-kopenhamn tag-tidigare\" role=\"listitem\">\n\t\t\t\t<a class=\"elementor-post__thumbnail__link\" href=\"https:\/\/skruv.nu\/be\/aktiviteter\/skruv-deltar-i-konferens-i-kopenhamn\/\" tabindex=\"-1\" >\n\t\t\t<div class=\"elementor-post__thumbnail\"><img decoding=\"async\" width=\"1024\" height=\"449\" src=\"https:\/\/skruv.nu\/wp-content\/uploads\/2005\/04\/kopenhamn_2005082x13_foto-niklas-bonnemark_1140x500-1024x449.jpg\" class=\"attachment-large size-large wp-image-373784\" alt=\"stor byggnad i glas och betong med utskjutande tak\" srcset=\"https:\/\/skruv.nu\/wp-content\/uploads\/2005\/04\/kopenhamn_2005082x13_foto-niklas-bonnemark_1140x500-1024x449.jpg 1024w, https:\/\/skruv.nu\/wp-content\/uploads\/2005\/04\/kopenhamn_2005082x13_foto-niklas-bonnemark_1140x500-300x132.jpg 300w, https:\/\/skruv.nu\/wp-content\/uploads\/2005\/04\/kopenhamn_2005082x13_foto-niklas-bonnemark_1140x500-150x66.jpg 150w, https:\/\/skruv.nu\/wp-content\/uploads\/2005\/04\/kopenhamn_2005082x13_foto-niklas-bonnemark_1140x500-768x337.jpg 768w, https:\/\/skruv.nu\/wp-content\/uploads\/2005\/04\/kopenhamn_2005082x13_foto-niklas-bonnemark_1140x500.jpg 1140w\" sizes=\"(max-width: 1024px) 100vw, 1024px\" \/><\/div>\n\t\t<\/a>\n\t\t\t\t<div class=\"elementor-post__text\">\n\t\t\t\t<h3 class=\"elementor-post__title\">\n\t\t\t<a href=\"https:\/\/skruv.nu\/be\/aktiviteter\/skruv-deltar-i-konferens-i-kopenhamn\/\" >\n\t\t\t\tSkruv deltar i konferens i K\u00f6penhamn\t\t\t<\/a>\n\t\t<\/h3>\n\t\t\t\t<div class=\"elementor-post__meta-data\">\n\t\t\t\t\t<span class=\"elementor-post-date\">\n\t\t\t23 \u0441\u0442\u0443\u0434\u0437\u0435\u043d\u044f 2015\t\t<\/span>\n\t\t\t\t<\/div>\n\t\t\t\t<\/div>\n\t\t\t\t<\/article>\n\t\t\t\t<article class=\"elementor-post elementor-grid-item post-380458 post type-post status-publish format-standard has-post-thumbnail hentry category-aktiviteter category-barn-malmo tag-kopenhamn tag-tidigare\" role=\"listitem\">\n\t\t\t\t<a class=\"elementor-post__thumbnail__link\" href=\"https:\/\/skruv.nu\/be\/aktiviteter\/barn\/barn-malmo\/teatergruppen-pa-skruvs-barnverksamhet-ser-forestallning-i-kopenhamn\/\" tabindex=\"-1\" >\n\t\t\t<div class=\"elementor-post__thumbnail\"><img loading=\"lazy\" decoding=\"async\" width=\"1024\" height=\"449\" src=\"https:\/\/skruv.nu\/wp-content\/uploads\/2015\/01\/dsc_0432_foto-nuria-bonnemark_1140x500-1024x449.jpg\" class=\"attachment-large size-large wp-image-380450\" alt=\"barn och vuxna p\u00e5 en scen\" srcset=\"https:\/\/skruv.nu\/wp-content\/uploads\/2015\/01\/dsc_0432_foto-nuria-bonnemark_1140x500-1024x449.jpg 1024w, https:\/\/skruv.nu\/wp-content\/uploads\/2015\/01\/dsc_0432_foto-nuria-bonnemark_1140x500-300x132.jpg 300w, https:\/\/skruv.nu\/wp-content\/uploads\/2015\/01\/dsc_0432_foto-nuria-bonnemark_1140x500-150x66.jpg 150w, https:\/\/skruv.nu\/wp-content\/uploads\/2015\/01\/dsc_0432_foto-nuria-bonnemark_1140x500-768x337.jpg 768w, https:\/\/skruv.nu\/wp-content\/uploads\/2015\/01\/dsc_0432_foto-nuria-bonnemark_1140x500.jpg 1140w\" sizes=\"(max-width: 1024px) 100vw, 1024px\" \/><\/div>\n\t\t<\/a>\n\t\t\t\t<div class=\"elementor-post__text\">\n\t\t\t\t<h3 class=\"elementor-post__title\">\n\t\t\t<a href=\"https:\/\/skruv.nu\/be\/aktiviteter\/barn\/barn-malmo\/teatergruppen-pa-skruvs-barnverksamhet-ser-forestallning-i-kopenhamn\/\" >\n\t\t\t\tTeatergruppen p\u00e5 Skruvs barnverksamhet ser f\u00f6rest\u00e4llning i K\u00f6penhamn\t\t\t<\/a>\n\t\t<\/h3>\n\t\t\t\t<div class=\"elementor-post__meta-data\">\n\t\t\t\t\t<span class=\"elementor-post-date\">\n\t\t\t18 \u0441\u0442\u0443\u0434\u0437\u0435\u043d\u044f 2015\t\t<\/span>\n\t\t\t\t<\/div>\n\t\t\t\t<\/div>\n\t\t\t\t<\/article>\n\t\t\t\t<article class=\"elementor-post elementor-grid-item post-380266 post type-post status-publish format-standard has-post-thumbnail hentry category-aktiviteter category-barn-malmo category-teater tag-kopenhamn tag-tidigare\" role=\"listitem\">\n\t\t\t\t<a class=\"elementor-post__thumbnail__link\" href=\"https:\/\/skruv.nu\/be\/aktiviteter\/barn\/barn-malmo\/barnteatergruppen-upptrader-pa-festivalen-ovan-regnbagen-i-kopenhamn\/\" tabindex=\"-1\" >\n\t\t\t<div class=\"elementor-post__thumbnail\"><img loading=\"lazy\" decoding=\"async\" width=\"1024\" height=\"449\" src=\"https:\/\/skruv.nu\/wp-content\/uploads\/2021\/02\/dsc_0101_foto-niklas-bonnemark_1140x500-1024x449.jpg\" class=\"attachment-large size-large wp-image-380277\" alt=\"\" srcset=\"https:\/\/skruv.nu\/wp-content\/uploads\/2021\/02\/dsc_0101_foto-niklas-bonnemark_1140x500-1024x449.jpg 1024w, https:\/\/skruv.nu\/wp-content\/uploads\/2021\/02\/dsc_0101_foto-niklas-bonnemark_1140x500-300x132.jpg 300w, https:\/\/skruv.nu\/wp-content\/uploads\/2021\/02\/dsc_0101_foto-niklas-bonnemark_1140x500-150x66.jpg 150w, https:\/\/skruv.nu\/wp-content\/uploads\/2021\/02\/dsc_0101_foto-niklas-bonnemark_1140x500-768x337.jpg 768w, https:\/\/skruv.nu\/wp-content\/uploads\/2021\/02\/dsc_0101_foto-niklas-bonnemark_1140x500.jpg 1140w\" sizes=\"(max-width: 1024px) 100vw, 1024px\" \/><\/div>\n\t\t<\/a>\n\t\t\t\t<div class=\"elementor-post__text\">\n\t\t\t\t<h3 class=\"elementor-post__title\">\n\t\t\t<a href=\"https:\/\/skruv.nu\/be\/aktiviteter\/barn\/barn-malmo\/barnteatergruppen-upptrader-pa-festivalen-ovan-regnbagen-i-kopenhamn\/\" >\n\t\t\t\tBarnteatergruppen upptr\u00e4der p\u00e5 festivalen Ovan regnb\u00e5gen i K\u00f6penhamn\t\t\t<\/a>\n\t\t<\/h3>\n\t\t\t\t<div class=\"elementor-post__meta-data\">\n\t\t\t\t\t<span class=\"elementor-post-date\">\n\t\t\t7 \u0447\u044d\u0440\u0432\u0435\u043d\u044f 2014\t\t<\/span>\n\t\t\t\t<\/div>\n\t\t\t\t<\/div>\n\t\t\t\t<\/article>\n\t\t\t\t<article class=\"elementor-post elementor-grid-item post-368559 post type-post status-publish format-standard has-post-thumbnail hentry category-aktiviteter category-barn-malmo category-teater tag-kopenhamn tag-tidigare\" role=\"listitem\">\n\t\t\t\t<a class=\"elementor-post__thumbnail__link\" href=\"https:\/\/skruv.nu\/be\/aktiviteter\/barn\/barn-malmo\/skruvs-barnverksamhet-deltog-i-festival-i-kopenhamn-2\/\" tabindex=\"-1\" >\n\t\t\t<div class=\"elementor-post__thumbnail\"><img loading=\"lazy\" decoding=\"async\" width=\"1024\" height=\"449\" src=\"https:\/\/skruv.nu\/wp-content\/uploads\/2020\/10\/dsc04295_foto-niklas-bonnemark_1140x500-1024x449.jpg\" class=\"attachment-large size-large wp-image-368561\" alt=\"barn p\u00e5 en scen\" srcset=\"https:\/\/skruv.nu\/wp-content\/uploads\/2020\/10\/dsc04295_foto-niklas-bonnemark_1140x500-1024x449.jpg 1024w, https:\/\/skruv.nu\/wp-content\/uploads\/2020\/10\/dsc04295_foto-niklas-bonnemark_1140x500-300x132.jpg 300w, https:\/\/skruv.nu\/wp-content\/uploads\/2020\/10\/dsc04295_foto-niklas-bonnemark_1140x500-150x66.jpg 150w, https:\/\/skruv.nu\/wp-content\/uploads\/2020\/10\/dsc04295_foto-niklas-bonnemark_1140x500-768x337.jpg 768w, https:\/\/skruv.nu\/wp-content\/uploads\/2020\/10\/dsc04295_foto-niklas-bonnemark_1140x500.jpg 1140w\" sizes=\"(max-width: 1024px) 100vw, 1024px\" \/><\/div>\n\t\t<\/a>\n\t\t\t\t<div class=\"elementor-post__text\">\n\t\t\t\t<h3 class=\"elementor-post__title\">\n\t\t\t<a href=\"https:\/\/skruv.nu\/be\/aktiviteter\/barn\/barn-malmo\/skruvs-barnverksamhet-deltog-i-festival-i-kopenhamn-2\/\" >\n\t\t\t\tSkruvs barnverksamhet deltar i festival i K\u00f6penhamn\t\t\t<\/a>\n\t\t<\/h3>\n\t\t\t\t<div class=\"elementor-post__meta-data\">\n\t\t\t\t\t<span class=\"elementor-post-date\">\n\t\t\t9 \u0447\u044d\u0440\u0432\u0435\u043d\u044f 2013\t\t<\/span>\n\t\t\t\t<\/div>\n\t\t\t\t<\/div>\n\t\t\t\t<\/article>\n\t\t\t\t<article class=\"elementor-post elementor-grid-item post-368548 post type-post status-publish format-standard has-post-thumbnail hentry category-aktiviteter category-barn-malmo category-teater tag-kopenhamn tag-tidigare\" role=\"listitem\">\n\t\t\t\t<a class=\"elementor-post__thumbnail__link\" href=\"https:\/\/skruv.nu\/be\/aktiviteter\/barn\/barn-malmo\/skruvs-barnverksamhet-upptradde-pa-festival-i-kopenhamn\/\" tabindex=\"-1\" >\n\t\t\t<div class=\"elementor-post__thumbnail\"><img loading=\"lazy\" decoding=\"async\" width=\"1024\" height=\"449\" src=\"https:\/\/skruv.nu\/wp-content\/uploads\/2020\/10\/535569_542242919141103_1958166726_n_foto-ifc-denmark_1140x500-1024x449.jpg\" class=\"attachment-large size-large wp-image-368550\" alt=\"gruppfoto\" srcset=\"https:\/\/skruv.nu\/wp-content\/uploads\/2020\/10\/535569_542242919141103_1958166726_n_foto-ifc-denmark_1140x500-1024x449.jpg 1024w, https:\/\/skruv.nu\/wp-content\/uploads\/2020\/10\/535569_542242919141103_1958166726_n_foto-ifc-denmark_1140x500-300x132.jpg 300w, https:\/\/skruv.nu\/wp-content\/uploads\/2020\/10\/535569_542242919141103_1958166726_n_foto-ifc-denmark_1140x500-150x66.jpg 150w, https:\/\/skruv.nu\/wp-content\/uploads\/2020\/10\/535569_542242919141103_1958166726_n_foto-ifc-denmark_1140x500-768x337.jpg 768w, https:\/\/skruv.nu\/wp-content\/uploads\/2020\/10\/535569_542242919141103_1958166726_n_foto-ifc-denmark_1140x500.jpg 1140w\" sizes=\"(max-width: 1024px) 100vw, 1024px\" \/><\/div>\n\t\t<\/a>\n\t\t\t\t<div class=\"elementor-post__text\">\n\t\t\t\t<h3 class=\"elementor-post__title\">\n\t\t\t<a href=\"https:\/\/skruv.nu\/be\/aktiviteter\/barn\/barn-malmo\/skruvs-barnverksamhet-upptradde-pa-festival-i-kopenhamn\/\" >\n\t\t\t\tSkruvs barnverksamhet upptr\u00e4der p\u00e5 festival i K\u00f6penhamn\t\t\t<\/a>\n\t\t<\/h3>\n\t\t\t\t<div class=\"elementor-post__meta-data\">\n\t\t\t\t\t<span class=\"elementor-post-date\">\n\t\t\t16 \u043b\u044e\u0442\u0430\u0433\u0430 2013\t\t<\/span>\n\t\t\t\t<\/div>\n\t\t\t\t<\/div>\n\t\t\t\t<\/article>\n\t\t\t\t<article class=\"elementor-post elementor-grid-item post-371116 post type-post status-publish format-standard has-post-thumbnail hentry category-aktiviteter category-barn-malmo category-teater tag-kopenhamn tag-tidigare\" role=\"listitem\">\n\t\t\t\t<a class=\"elementor-post__thumbnail__link\" href=\"https:\/\/skruv.nu\/be\/aktiviteter\/barn\/barn-malmo\/teatergruppen-skruvs-barnverksamhet-kopenhamn-9-juni-2012\/\" tabindex=\"-1\" >\n\t\t\t<div class=\"elementor-post__thumbnail\"><img loading=\"lazy\" decoding=\"async\" width=\"1024\" height=\"449\" src=\"https:\/\/skruv.nu\/wp-content\/uploads\/2012\/06\/dsc_08131_foto-niklas-bonnemark_1140x500-1024x449.jpg\" class=\"attachment-large size-large wp-image-371114\" alt=\"gruppfoto\" srcset=\"https:\/\/skruv.nu\/wp-content\/uploads\/2012\/06\/dsc_08131_foto-niklas-bonnemark_1140x500-1024x449.jpg 1024w, https:\/\/skruv.nu\/wp-content\/uploads\/2012\/06\/dsc_08131_foto-niklas-bonnemark_1140x500-300x132.jpg 300w, https:\/\/skruv.nu\/wp-content\/uploads\/2012\/06\/dsc_08131_foto-niklas-bonnemark_1140x500-150x66.jpg 150w, https:\/\/skruv.nu\/wp-content\/uploads\/2012\/06\/dsc_08131_foto-niklas-bonnemark_1140x500-768x337.jpg 768w, https:\/\/skruv.nu\/wp-content\/uploads\/2012\/06\/dsc_08131_foto-niklas-bonnemark_1140x500.jpg 1140w\" sizes=\"(max-width: 1024px) 100vw, 1024px\" \/><\/div>\n\t\t<\/a>\n\t\t\t\t<div class=\"elementor-post__text\">\n\t\t\t\t<h3 class=\"elementor-post__title\">\n\t\t\t<a href=\"https:\/\/skruv.nu\/be\/aktiviteter\/barn\/barn-malmo\/teatergruppen-skruvs-barnverksamhet-kopenhamn-9-juni-2012\/\" >\n\t\t\t\tTeatergruppen fr\u00e5n Skruvs barnverksamhet framtr\u00e4der p\u00e5 festival i K\u00f6penhamn\t\t\t<\/a>\n\t\t<\/h3>\n\t\t\t\t<div class=\"elementor-post__meta-data\">\n\t\t\t\t\t<span class=\"elementor-post-date\">\n\t\t\t9 \u0447\u044d\u0440\u0432\u0435\u043d\u044f 2012\t\t<\/span>\n\t\t\t\t<\/div>\n\t\t\t\t<\/div>\n\t\t\t\t<\/article>\n\t\t\t\t<article class=\"elementor-post elementor-grid-item post-370611 post type-post status-publish format-standard has-post-thumbnail hentry category-aktiviteter category-studiebesok tag-kopenhamn tag-tidigare\" role=\"listitem\">\n\t\t\t\t<a class=\"elementor-post__thumbnail__link\" href=\"https:\/\/skruv.nu\/be\/aktiviteter\/studiebesok-i-kopenhamn-med-skruv\/\" tabindex=\"-1\" >\n\t\t\t<div class=\"elementor-post__thumbnail\"><img loading=\"lazy\" decoding=\"async\" width=\"1024\" height=\"449\" src=\"https:\/\/skruv.nu\/wp-content\/uploads\/2020\/12\/dsc07005_foto-nuria-bonnemark_1140x500-1024x449.jpg\" class=\"attachment-large size-large wp-image-370613\" alt=\"\u00e5h\u00f6rare som lyssnar p\u00e5 tv\u00e5 f\u00f6redragsh\u00e5llare och en tolk\" srcset=\"https:\/\/skruv.nu\/wp-content\/uploads\/2020\/12\/dsc07005_foto-nuria-bonnemark_1140x500-1024x449.jpg 1024w, https:\/\/skruv.nu\/wp-content\/uploads\/2020\/12\/dsc07005_foto-nuria-bonnemark_1140x500-300x132.jpg 300w, https:\/\/skruv.nu\/wp-content\/uploads\/2020\/12\/dsc07005_foto-nuria-bonnemark_1140x500-150x66.jpg 150w, https:\/\/skruv.nu\/wp-content\/uploads\/2020\/12\/dsc07005_foto-nuria-bonnemark_1140x500-768x337.jpg 768w, https:\/\/skruv.nu\/wp-content\/uploads\/2020\/12\/dsc07005_foto-nuria-bonnemark_1140x500.jpg 1140w\" sizes=\"(max-width: 1024px) 100vw, 1024px\" \/><\/div>\n\t\t<\/a>\n\t\t\t\t<div class=\"elementor-post__text\">\n\t\t\t\t<h3 class=\"elementor-post__title\">\n\t\t\t<a href=\"https:\/\/skruv.nu\/be\/aktiviteter\/studiebesok-i-kopenhamn-med-skruv\/\" >\n\t\t\t\tStudiebes\u00f6k i K\u00f6penhamn\t\t\t<\/a>\n\t\t<\/h3>\n\t\t\t\t<div class=\"elementor-post__meta-data\">\n\t\t\t\t\t<span class=\"elementor-post-date\">\n\t\t\t10 \u0441\u043d\u0435\u0436\u043d\u044f 2011\t\t<\/span>\n\t\t\t\t<\/div>\n\t\t\t\t<\/div>\n\t\t\t\t<\/article>\n\t\t\t\t<article class=\"elementor-post elementor-grid-item post-371417 post type-post status-publish format-standard has-post-thumbnail hentry category-aktiviteter category-barn-malmo category-teater tag-kopenhamn tag-tidigare\" role=\"listitem\">\n\t\t\t\t<a class=\"elementor-post__thumbnail__link\" href=\"https:\/\/skruv.nu\/be\/aktiviteter\/barn\/barn-malmo\/barnverksamheten-deltog-i-festival-i-kopenhamn\/\" tabindex=\"-1\" >\n\t\t\t<div class=\"elementor-post__thumbnail\"><img loading=\"lazy\" decoding=\"async\" width=\"1024\" height=\"449\" src=\"https:\/\/skruv.nu\/wp-content\/uploads\/2020\/12\/dscn0332_foto-nuria-bonnemark_1140x500-1024x449.jpg\" class=\"attachment-large size-large wp-image-371419\" alt=\"barn som spelar teater\" srcset=\"https:\/\/skruv.nu\/wp-content\/uploads\/2020\/12\/dscn0332_foto-nuria-bonnemark_1140x500-1024x449.jpg 1024w, https:\/\/skruv.nu\/wp-content\/uploads\/2020\/12\/dscn0332_foto-nuria-bonnemark_1140x500-300x132.jpg 300w, https:\/\/skruv.nu\/wp-content\/uploads\/2020\/12\/dscn0332_foto-nuria-bonnemark_1140x500-150x66.jpg 150w, https:\/\/skruv.nu\/wp-content\/uploads\/2020\/12\/dscn0332_foto-nuria-bonnemark_1140x500-768x337.jpg 768w, https:\/\/skruv.nu\/wp-content\/uploads\/2020\/12\/dscn0332_foto-nuria-bonnemark_1140x500.jpg 1140w\" sizes=\"(max-width: 1024px) 100vw, 1024px\" \/><\/div>\n\t\t<\/a>\n\t\t\t\t<div class=\"elementor-post__text\">\n\t\t\t\t<h3 class=\"elementor-post__title\">\n\t\t\t<a href=\"https:\/\/skruv.nu\/be\/aktiviteter\/barn\/barn-malmo\/barnverksamheten-deltog-i-festival-i-kopenhamn\/\" >\n\t\t\t\tBarnverksamheten deltar i festival i K\u00f6penhamn\t\t\t<\/a>\n\t\t<\/h3>\n\t\t\t\t<div class=\"elementor-post__meta-data\">\n\t\t\t\t\t<span class=\"elementor-post-date\">\n\t\t\t12 \u0447\u044d\u0440\u0432\u0435\u043d\u044f 2010\t\t<\/span>\n\t\t\t\t<\/div>\n\t\t\t\t<\/div>\n\t\t\t\t<\/article>\n\t\t\t\t<article class=\"elementor-post elementor-grid-item post-377376 post type-post status-publish format-standard has-post-thumbnail hentry category-aktiviteter category-barn-malmo tag-kopenhamn tag-tidigare\" role=\"listitem\">\n\t\t\t\t<a class=\"elementor-post__thumbnail__link\" href=\"https:\/\/skruv.nu\/be\/aktiviteter\/barn\/barn-malmo\/skruv-besoker-ryska-centret-for-vetenskap-och-kultur-i-kopenhamn\/\" tabindex=\"-1\" >\n\t\t\t<div class=\"elementor-post__thumbnail\"><img loading=\"lazy\" decoding=\"async\" width=\"1024\" height=\"449\" src=\"https:\/\/skruv.nu\/wp-content\/uploads\/2021\/02\/dscn1031_foto-nuria-bonnemark_1140x500-1024x449.jpg\" class=\"attachment-large size-large wp-image-377370\" alt=\"fyra kvinnor som samtalar\" srcset=\"https:\/\/skruv.nu\/wp-content\/uploads\/2021\/02\/dscn1031_foto-nuria-bonnemark_1140x500-1024x449.jpg 1024w, https:\/\/skruv.nu\/wp-content\/uploads\/2021\/02\/dscn1031_foto-nuria-bonnemark_1140x500-300x132.jpg 300w, https:\/\/skruv.nu\/wp-content\/uploads\/2021\/02\/dscn1031_foto-nuria-bonnemark_1140x500-150x66.jpg 150w, https:\/\/skruv.nu\/wp-content\/uploads\/2021\/02\/dscn1031_foto-nuria-bonnemark_1140x500-768x337.jpg 768w, https:\/\/skruv.nu\/wp-content\/uploads\/2021\/02\/dscn1031_foto-nuria-bonnemark_1140x500.jpg 1140w\" sizes=\"(max-width: 1024px) 100vw, 1024px\" \/><\/div>\n\t\t<\/a>\n\t\t\t\t<div class=\"elementor-post__text\">\n\t\t\t\t<h3 class=\"elementor-post__title\">\n\t\t\t<a href=\"https:\/\/skruv.nu\/be\/aktiviteter\/barn\/barn-malmo\/skruv-besoker-ryska-centret-for-vetenskap-och-kultur-i-kopenhamn\/\" >\n\t\t\t\tSkruv bes\u00f6ker Ryska centret f\u00f6r vetenskap och kultur i K\u00f6penhamn\t\t\t<\/a>\n\t\t<\/h3>\n\t\t\t\t<div class=\"elementor-post__meta-data\">\n\t\t\t\t\t<span class=\"elementor-post-date\">\n\t\t\t30 \u043c\u0430\u044f 2009\t\t<\/span>\n\t\t\t\t<\/div>\n\t\t\t\t<\/div>\n\t\t\t\t<\/article>\n\t\t\t\t<article class=\"elementor-post elementor-grid-item post-366070 post type-post status-publish format-standard has-post-thumbnail hentry category-aktiviteter category-konst category-studiebesok tag-kopenhamn tag-tidigare\" role=\"listitem\">\n\t\t\t\t<a class=\"elementor-post__thumbnail__link\" href=\"https:\/\/skruv.nu\/be\/aktiviteter\/besok-pa-chagall-utstallning-i-kopenhamn\/\" tabindex=\"-1\" >\n\t\t\t<div class=\"elementor-post__thumbnail\"><img loading=\"lazy\" decoding=\"async\" width=\"1024\" height=\"449\" src=\"https:\/\/skruv.nu\/wp-content\/uploads\/2020\/08\/20051105-beskorovainaia-lena-imgp0137_1140x500-1024x449.jpg\" class=\"attachment-large size-large wp-image-366072\" alt=\"modern museibyggnad sett utifr\u00e5n\" srcset=\"https:\/\/skruv.nu\/wp-content\/uploads\/2020\/08\/20051105-beskorovainaia-lena-imgp0137_1140x500-1024x449.jpg 1024w, https:\/\/skruv.nu\/wp-content\/uploads\/2020\/08\/20051105-beskorovainaia-lena-imgp0137_1140x500-300x132.jpg 300w, https:\/\/skruv.nu\/wp-content\/uploads\/2020\/08\/20051105-beskorovainaia-lena-imgp0137_1140x500-150x66.jpg 150w, https:\/\/skruv.nu\/wp-content\/uploads\/2020\/08\/20051105-beskorovainaia-lena-imgp0137_1140x500-768x337.jpg 768w, https:\/\/skruv.nu\/wp-content\/uploads\/2020\/08\/20051105-beskorovainaia-lena-imgp0137_1140x500.jpg 1140w\" sizes=\"(max-width: 1024px) 100vw, 1024px\" \/><\/div>\n\t\t<\/a>\n\t\t\t\t<div class=\"elementor-post__text\">\n\t\t\t\t<h3 class=\"elementor-post__title\">\n\t\t\t<a href=\"https:\/\/skruv.nu\/be\/aktiviteter\/besok-pa-chagall-utstallning-i-kopenhamn\/\" >\n\t\t\t\tBes\u00f6k p\u00e5 Chagallutst\u00e4llning i K\u00f6penhamn\t\t\t<\/a>\n\t\t<\/h3>\n\t\t\t\t<div class=\"elementor-post__meta-data\">\n\t\t\t\t\t<span class=\"elementor-post-date\">\n\t\t\t5 \u043b\u0456\u0441\u0442\u0430\u043f\u0430\u0434\u0430 2005\t\t<\/span>\n\t\t\t\t<\/div>\n\t\t\t\t<\/div>\n\t\t\t\t<\/article>\n\t\t\t\t<article class=\"elementor-post elementor-grid-item post-373607 post type-post status-publish format-standard has-post-thumbnail hentry category-aktiviteter category-barn-lund tag-kopenhamn tag-tidigare\" role=\"listitem\">\n\t\t\t\t<a class=\"elementor-post__thumbnail__link\" href=\"https:\/\/skruv.nu\/be\/aktiviteter\/skruvs-barnverksamhet-deltar-i-h-c-andersenfestival-i-kopenhamn\/\" tabindex=\"-1\" >\n\t\t\t<div class=\"elementor-post__thumbnail\"><img decoding=\"async\" width=\"1024\" height=\"449\" src=\"https:\/\/skruv.nu\/wp-content\/uploads\/2005\/04\/kopenhamn_2005082x13_foto-niklas-bonnemark_1140x500-1024x449.jpg\" class=\"attachment-large size-large wp-image-373784\" alt=\"stor byggnad i glas och betong med utskjutande tak\" srcset=\"https:\/\/skruv.nu\/wp-content\/uploads\/2005\/04\/kopenhamn_2005082x13_foto-niklas-bonnemark_1140x500-1024x449.jpg 1024w, https:\/\/skruv.nu\/wp-content\/uploads\/2005\/04\/kopenhamn_2005082x13_foto-niklas-bonnemark_1140x500-300x132.jpg 300w, https:\/\/skruv.nu\/wp-content\/uploads\/2005\/04\/kopenhamn_2005082x13_foto-niklas-bonnemark_1140x500-150x66.jpg 150w, https:\/\/skruv.nu\/wp-content\/uploads\/2005\/04\/kopenhamn_2005082x13_foto-niklas-bonnemark_1140x500-768x337.jpg 768w, https:\/\/skruv.nu\/wp-content\/uploads\/2005\/04\/kopenhamn_2005082x13_foto-niklas-bonnemark_1140x500.jpg 1140w\" sizes=\"(max-width: 1024px) 100vw, 1024px\" \/><\/div>\n\t\t<\/a>\n\t\t\t\t<div class=\"elementor-post__text\">\n\t\t\t\t<h3 class=\"elementor-post__title\">\n\t\t\t<a href=\"https:\/\/skruv.nu\/be\/aktiviteter\/skruvs-barnverksamhet-deltar-i-h-c-andersenfestival-i-kopenhamn\/\" >\n\t\t\t\tSkruvs barnverksamhet deltar i H.C. Andersenfestival i K\u00f6penhamn\t\t\t<\/a>\n\t\t<\/h3>\n\t\t\t\t<div class=\"elementor-post__meta-data\">\n\t\t\t\t\t<span class=\"elementor-post-date\">\n\t\t\t10 \u043a\u0440\u0430\u0441\u0430\u0432\u0456\u043a\u0430 2005\t\t<\/span>\n\t\t\t\t<\/div>\n\t\t\t\t<\/div>\n\t\t\t\t<\/article>\n\t\t\t\t<article class=\"elementor-post elementor-grid-item post-366805 post type-post status-publish format-standard has-post-thumbnail hentry category-aktiviteter category-studiebesok tag-kopenhamn tag-tidigare\" role=\"listitem\">\n\t\t\t\t<a class=\"elementor-post__thumbnail__link\" href=\"https:\/\/skruv.nu\/be\/aktiviteter\/skruv-besoker-kopenhamn\/\" tabindex=\"-1\" >\n\t\t\t<div class=\"elementor-post__thumbnail\"><img loading=\"lazy\" decoding=\"async\" width=\"1024\" height=\"449\" src=\"https:\/\/skruv.nu\/wp-content\/uploads\/2020\/09\/20050326-julia-linden-malmo-036_1140x500-1024x449.jpg\" class=\"attachment-large size-large wp-image-366807\" alt=\"m\u00e4nniskor kring ett matbord\" srcset=\"https:\/\/skruv.nu\/wp-content\/uploads\/2020\/09\/20050326-julia-linden-malmo-036_1140x500-1024x449.jpg 1024w, https:\/\/skruv.nu\/wp-content\/uploads\/2020\/09\/20050326-julia-linden-malmo-036_1140x500-300x132.jpg 300w, https:\/\/skruv.nu\/wp-content\/uploads\/2020\/09\/20050326-julia-linden-malmo-036_1140x500-150x66.jpg 150w, https:\/\/skruv.nu\/wp-content\/uploads\/2020\/09\/20050326-julia-linden-malmo-036_1140x500-768x337.jpg 768w, https:\/\/skruv.nu\/wp-content\/uploads\/2020\/09\/20050326-julia-linden-malmo-036_1140x500.jpg 1140w\" sizes=\"(max-width: 1024px) 100vw, 1024px\" \/><\/div>\n\t\t<\/a>\n\t\t\t\t<div class=\"elementor-post__text\">\n\t\t\t\t<h3 class=\"elementor-post__title\">\n\t\t\t<a href=\"https:\/\/skruv.nu\/be\/aktiviteter\/skruv-besoker-kopenhamn\/\" >\n\t\t\t\tSkruv bes\u00f6ker K\u00f6penhamn\t\t\t<\/a>\n\t\t<\/h3>\n\t\t\t\t<div class=\"elementor-post__meta-data\">\n\t\t\t\t\t<span class=\"elementor-post-date\">\n\t\t\t26 \u0441\u0430\u043a\u0430\u0432\u0456\u043a\u0430 2005\t\t<\/span>\n\t\t\t\t<\/div>\n\t\t\t\t<\/div>\n\t\t\t\t<\/article>\n\t\t\t\t<article class=\"elementor-post elementor-grid-item post-369744 post type-post status-publish format-standard has-post-thumbnail hentry category-aktiviteter category-foreningsdemokrati tag-kopenhamn tag-tidigare\" role=\"listitem\">\n\t\t\t\t<a class=\"elementor-post__thumbnail__link\" href=\"https:\/\/skruv.nu\/be\/aktiviteter\/mote-i-kopenhamn-for-styrelserna-i-skruv-och-det-russiske-hus\/\" tabindex=\"-1\" >\n\t\t\t<div class=\"elementor-post__thumbnail\"><img loading=\"lazy\" decoding=\"async\" width=\"1024\" height=\"449\" src=\"https:\/\/skruv.nu\/wp-content\/uploads\/2013\/01\/styrelse_startae-team-7txa8xwe4w4-unsplash_1140x500-1024x449.jpg\" class=\"attachment-large size-large wp-image-366837\" alt=\"man som pekar p\u00e5 en whiteboard med h\u00e4ftlappar\" srcset=\"https:\/\/skruv.nu\/wp-content\/uploads\/2013\/01\/styrelse_startae-team-7txa8xwe4w4-unsplash_1140x500-1024x449.jpg 1024w, https:\/\/skruv.nu\/wp-content\/uploads\/2013\/01\/styrelse_startae-team-7txa8xwe4w4-unsplash_1140x500-300x132.jpg 300w, https:\/\/skruv.nu\/wp-content\/uploads\/2013\/01\/styrelse_startae-team-7txa8xwe4w4-unsplash_1140x500-150x66.jpg 150w, https:\/\/skruv.nu\/wp-content\/uploads\/2013\/01\/styrelse_startae-team-7txa8xwe4w4-unsplash_1140x500-768x337.jpg 768w, https:\/\/skruv.nu\/wp-content\/uploads\/2013\/01\/styrelse_startae-team-7txa8xwe4w4-unsplash_1140x500.jpg 1140w\" sizes=\"(max-width: 1024px) 100vw, 1024px\" \/><\/div>\n\t\t<\/a>\n\t\t\t\t<div class=\"elementor-post__text\">\n\t\t\t\t<h3 class=\"elementor-post__title\">\n\t\t\t<a href=\"https:\/\/skruv.nu\/be\/aktiviteter\/mote-i-kopenhamn-for-styrelserna-i-skruv-och-det-russiske-hus\/\" >\n\t\t\t\tM\u00f6te i K\u00f6penhamn f\u00f6r styrelserna i Skruv och Det Russiske Hus\t\t\t<\/a>\n\t\t<\/h3>\n\t\t\t\t<div class=\"elementor-post__meta-data\">\n\t\t\t\t\t<span class=\"elementor-post-date\">\n\t\t\t5 \u0447\u044d\u0440\u0432\u0435\u043d\u044f 2004\t\t<\/span>\n\t\t\t\t<\/div>\n\t\t\t\t<\/div>\n\t\t\t\t<\/article>\n\t\t\t\t<\/div>\n\t\t\n\t\t\t\t\t\t<\/div>\n\t\t\t\t<\/div>\n\t\t\t\t\t<\/div>\n\t\t<\/div>\n\t\t\t\t\t<\/div>\n\t\t<\/section>\n\t\t\t\t<\/div>\n\t\t","protected":false},"excerpt":{"rendered":"<p>H\u00e4r \u00e4r v\u00e5ra aktiviteter i K\u00f6penhamn. Tidigare i K\u00f6penhamn<\/p>\n","protected":false},"author":1,"featured_media":451555,"parent":451517,"menu_order":0,"comment_status":"closed","ping_status":"closed","template":"","meta":{"_acf_changed":false,"_seopress_robots_primary_cat":"","_seopress_titles_title":"","_seopress_titles_desc":"","_seopress_robots_index":"","_kad_post_transparent":"","_kad_post_title":"","_kad_post_layout":"","_kad_post_sidebar_id":"","_kad_post_content_style":"","_kad_post_vertical_padding":"","_kad_post_feature":"","_kad_post_feature_position":"","_kad_post_header":false,"_kad_post_footer":false,"_kad_post_classname":"","footnotes":""},"class_list":["post-451554","page","type-page","status-publish","has-post-thumbnail","hentry"],"acf":[],"_links":{"self":[{"href":"https:\/\/skruv.nu\/be\/wp-json\/wp\/v2\/pages\/451554","targetHints":{"allow":["GET"]}}],"collection":[{"href":"https:\/\/skruv.nu\/be\/wp-json\/wp\/v2\/pages"}],"about":[{"href":"https:\/\/skruv.nu\/be\/wp-json\/wp\/v2\/types\/page"}],"author":[{"embeddable":true,"href":"https:\/\/skruv.nu\/be\/wp-json\/wp\/v2\/users\/1"}],"replies":[{"embeddable":true,"href":"https:\/\/skruv.nu\/be\/wp-json\/wp\/v2\/comments?post=451554"}],"version-history":[{"count":2,"href":"https:\/\/skruv.nu\/be\/wp-json\/wp\/v2\/pages\/451554\/revisions"}],"predecessor-version":[{"id":453700,"href":"https:\/\/skruv.nu\/be\/wp-json\/wp\/v2\/pages\/451554\/revisions\/453700"}],"up":[{"embeddable":true,"href":"https:\/\/skruv.nu\/be\/wp-json\/wp\/v2\/pages\/451517"}],"wp:featuredmedia":[{"embeddable":true,"href":"https:\/\/skruv.nu\/be\/wp-json\/wp\/v2\/media\/451555"}],"wp:attachment":[{"href":"https:\/\/skruv.nu\/be\/wp-json\/wp\/v2\/media?parent=451554"}],"curies":[{"name":"wp","href":"https:\/\/api.w.org\/{rel}","templated":true}]}}